{"id":568,"date":"2018-09-13T20:04:24","date_gmt":"2018-09-13T19:04:24","guid":{"rendered":"http:\/\/www.revistaalimara.net\/revista\/?page_id=568"},"modified":"2024-06-14T10:51:04","modified_gmt":"2024-06-14T09:51:04","slug":"contacte","status":"publish","type":"page","link":"https:\/\/www.revistaalimara.net\/revista\/contacte\/","title":{"rendered":"Contacte"},"content":{"rendered":"<div id=\"pl-568\"  class=\"panel-layout\" ><div id=\"pg-568-0\"  class=\"panel-grid panel-has-style\" ><div class=\"siteorigin-panels-stretch panel-row-style panel-row-style-for-568-0\" data-stretch-type=\"full-stretched-padded\" ><div id=\"pgc-568-0-0\"  class=\"panel-grid-cell\" ><div id=\"panel-568-0-0-0\" class=\"so-panel widget widget_sow-headline panel-first-child panel-last-child\" data-index=\"0\" ><div\n\t\t\t\n\t\t\tclass=\"so-widget-sow-headline so-widget-sow-headline-default-7623362f815e-568\"\n\t\t\t\n\t\t><div class=\"sow-headline-container \">\n\t<h1 class='sow-headline'>Contacte<\/h1><\/div>\n<\/div><\/div><\/div><\/div><\/div><div id=\"pg-568-1\"  class=\"panel-grid panel-has-style\" ><div class=\"siteorigin-panels-stretch panel-row-style panel-row-style-for-568-1\" data-stretch-type=\"full-stretched-padded\" ><div id=\"pgc-568-1-0\"  class=\"panel-grid-cell\" ><div id=\"panel-568-1-0-0\" class=\"so-panel widget widget_sow-editor panel-first-child\" data-index=\"1\" ><div class=\"panel-widget-style panel-widget-style-for-568-1-0-0\" ><div\n\t\t\t\n\t\t\tclass=\"so-widget-sow-editor so-widget-sow-editor-base\"\n\t\t\t\n\t\t><h3 class=\"widget-title\">Ens pots trobar a:<\/h3>\n<div class=\"siteorigin-widget-tinymce textwidget\">\n\t<p>Carrer del General Riera, 67,<br \/>\n07010 Palma, Illes Balears<\/p>\n<p>971 76 33 25<br \/>\n<a href=\"mailto:alimara@imas.conselldemallorca.net\">alimara@imas.conselldemallorca.net<\/a><\/p>\n<\/div>\n<\/div><\/div><\/div><div id=\"panel-568-1-0-1\" class=\"widget_text so-panel widget widget_custom_html\" data-index=\"2\" ><div class=\"textwidget custom-html-widget\"><a style=\"font-size: 24px;\" href=\"#\">\n\t<i class=\"ic-twitter\"><\/i>\n<\/a>\n<a style=\"font-size: 24px;\" href=\"#\" >\n\t<i class=\"ic-facebook\"><\/i><br\/>\n<\/a><\/div><\/div><div id=\"panel-568-1-0-2\" class=\"widget_text so-panel widget widget_custom_html panel-last-child\" data-index=\"3\" ><div class=\"textwidget custom-html-widget\"><div style=\"border-top: 1px solid #ccc; margin:40px 40px 40px 0;\">\n<h4 style=\"text-transform: uppercase; font-size:13px;\">\n\tEnlla\u00e7os recomanats:<br\/>\n<\/h4>\n\n<a style=\"font-size:11px;\" href=\"http:\/\/www.imasmallorca.net\/es\/pagina\/inicio-imas\" target=\"_blank\" rel=\"noopener\">IMAS MALLORCA<\/a><br\/>\n<a style=\"font-size:11px;\" href=\"http:\/\/blogs.imasmallorca.net\/majors\" target=\"_blank\" rel=\"noopener\">OBSERVATORI DE PERSONES MAJORS DE MALLORCA<\/a><br\/>\n<a style=\"font-size:11px;\" href=\"https:\/\/www.conselldemallorca.cat\/\" target=\"_blank\" rel=\"noopener\">CONSELL DE MALLORCA<\/a><br\/>\n\n<\/div>\n<\/div><\/div><\/div><div id=\"pgc-568-1-1\"  class=\"panel-grid-cell\" ><div id=\"panel-568-1-1-0\" class=\"so-panel widget widget_sow-image panel-first-child panel-last-child\" data-index=\"4\" ><div\n\t\t\t\n\t\t\tclass=\"so-widget-sow-image so-widget-sow-image-default-8b5b6f678277-568\"\n\t\t\t\n\t\t>\n\n<div class=\"sow-image-container\">\n\t\t\t<a href=\"https:\/\/www.imasmallorca.net\/\"\n\t\t\t\t\t>\n\t\t\t<img src=\"https:\/\/www.revistaalimara.net\/revista\/wp-content\/uploads\/2024\/02\/IMAS-615x625.png\" width=\"615\" height=\"625\" srcset=\"https:\/\/www.revistaalimara.net\/revista\/wp-content\/uploads\/2024\/02\/IMAS-615x625.png 615w, https:\/\/www.revistaalimara.net\/revista\/wp-content\/uploads\/2024\/02\/IMAS-295x300.png 295w, https:\/\/www.revistaalimara.net\/revista\/wp-content\/uploads\/2024\/02\/IMAS-542x550.png 542w, https:\/\/www.revistaalimara.net\/revista\/wp-content\/uploads\/2024\/02\/IMAS-512x520.png 512w, https:\/\/www.revistaalimara.net\/revista\/wp-content\/uploads\/2024\/02\/IMAS-15x15.png 15w, https:\/\/www.revistaalimara.net\/revista\/wp-content\/uploads\/2024\/02\/IMAS.png 769w\" sizes=\"(max-width: 615px) 100vw, 615px\" alt=\"\" loading=\"lazy\" \t\tclass=\"so-widget-image\"\/>\n\t<\/a><\/div>\n\n<\/div><\/div><\/div><\/div><\/div><div id=\"pg-568-2\"  class=\"panel-grid panel-has-style\" ><div class=\"siteorigin-panels-stretch panel-row-style panel-row-style-for-568-2\" data-stretch-type=\"full\" ><div id=\"pgc-568-2-0\"  class=\"panel-grid-cell panel-grid-cell-mobile-last\" ><div id=\"panel-568-2-0-0\" class=\"so-panel widget widget_sow-editor panel-first-child\" data-index=\"5\" ><div\n\t\t\t\n\t\t\tclass=\"so-widget-sow-editor so-widget-sow-editor-base\"\n\t\t\t\n\t\t>\n<div class=\"siteorigin-widget-tinymce textwidget\">\n\t<h4 style=\"text-align: left;\"><span style=\"color: #ffffff;\">Responsabilitat en relaci\u00f3 amb els continguts<\/span><\/h4>\n<p style=\"text-align: left;\"><span style=\"color: #ffffff;\"><i>\u00a0\u2018Pel que fa a la responsabilitat de l\u2019autoria dels articles la revista ALIMARA reserva el dret de modificar els continguts de la web i d'eliminar-los, aix\u00ed com tamb\u00e9 de limitar o impedir l'acc\u00e9s a la web, ja sigui temporalment o definitivament, sense notificaci\u00f3 pr\u00e8via.<\/i><\/span><\/p>\n<p style=\"text-align: left;\"><span style=\"color: #ffffff;\"><i>La revista ALIMARA i les entitats que hi col\u00b7laboren no es fan responsable de l'acc\u00e9s t\u00e8cnic, la informaci\u00f3 o els continguts d'altres p\u00e0gines web a les quals remet o amb les quals es pugui enlla\u00e7ar des del portal revistaalimara.net<\/i><\/span><\/p>\n<p style=\"text-align: left;\"><span style=\"color: #ffffff;\"><i>Igualment, la revista ALIMARA i les entitats que hi col\u00b7laboren no s'identifiquen necess\u00e0riament amb les opinions expressades per les persones que hi col\u00b7laboren mitjan\u00e7ant la contribuci\u00f3 amb articles o amb altres formats de difusi\u00f3\u2019<\/i>.\u00a0<\/span><\/p>\n<\/div>\n<\/div><\/div><div id=\"panel-568-2-0-1\" class=\"so-panel widget widget_sow-google-map panel-last-child\" data-index=\"6\" ><div\n\t\t\t\n\t\t\tclass=\"so-widget-sow-google-map so-widget-sow-google-map-default-6b23895f316e-568\"\n\t\t\t\n\t\t>\n<div class=\"sow-google-map-canvas\"\n\tstyle=\"\"\n\tid=\"map-canvas-f70383027f8bf1fb5e38db97856d7c53\"\n\tdata-options=\"{&quot;address&quot;:&quot;&quot;,&quot;zoom&quot;:12,&quot;mobileZoom&quot;:12,&quot;gestureHandling&quot;:&quot;greedy&quot;,&quot;disableUi&quot;:false,&quot;markerIcon&quot;:&quot;&quot;,&quot;markersDraggable&quot;:false,&quot;markerAtCenter&quot;:true,&quot;markerInfoDisplay&quot;:&quot;click&quot;,&quot;markerInfoMultiple&quot;:true,&quot;markerPositions&quot;:&quot;&quot;,&quot;mapName&quot;:&quot;&quot;,&quot;mapStyles&quot;:&quot;&quot;,&quot;directions&quot;:&quot;&quot;,&quot;apiKey&quot;:&quot;810673264775&quot;,&quot;breakpoint&quot;:780}\"\n\tdata-fallback-image=\"{&quot;img&quot;:&quot;&quot;}\"><\/div>\n<\/div><\/div><\/div><div id=\"pgc-568-2-1\"  class=\"panel-grid-cell panel-grid-cell-empty\" ><\/div><\/div><\/div><\/div>","protected":false},"excerpt":{"rendered":"<p>Carrer del General Riera, 67, 07010 Palma, Illes Balears 971 76 33 25 alimara@imas.conselldemallorca.net<\/p>\n","protected":false},"author":2,"featured_media":0,"parent":0,"menu_order":0,"comment_status":"closed","ping_status":"closed","template":"","meta":[],"_links":{"self":[{"href":"https:\/\/www.revistaalimara.net\/revista\/wp-json\/wp\/v2\/pages\/568"}],"collection":[{"href":"https:\/\/www.revistaalimara.net\/revista\/wp-json\/wp\/v2\/pages"}],"about":[{"href":"https:\/\/www.revistaalimara.net\/revista\/wp-json\/wp\/v2\/types\/page"}],"author":[{"embeddable":true,"href":"https:\/\/www.revistaalimara.net\/revista\/wp-json\/wp\/v2\/users\/2"}],"replies":[{"embeddable":true,"href":"https:\/\/www.revistaalimara.net\/revista\/wp-json\/wp\/v2\/comments?post=568"}],"version-history":[{"count":191,"href":"https:\/\/www.revistaalimara.net\/revista\/wp-json\/wp\/v2\/pages\/568\/revisions"}],"predecessor-version":[{"id":6923,"href":"https:\/\/www.revistaalimara.net\/revista\/wp-json\/wp\/v2\/pages\/568\/revisions\/6923"}],"wp:attachment":[{"href":"https:\/\/www.revistaalimara.net\/revista\/wp-json\/wp\/v2\/media?parent=568"}],"curies":[{"name":"wp","href":"https:\/\/api.w.org\/{rel}","templated":true}]}}